{"id":253,"date":"2023-03-24T14:56:24","date_gmt":"2023-03-24T14:56:24","guid":{"rendered":"https:\/\/growtalent.cl\/?page_id=253"},"modified":"2023-03-28T18:11:51","modified_gmt":"2023-03-28T18:11:51","slug":"asesoria-curricular","status":"publish","type":"page","link":"https:\/\/growtalent.cl\/index.php\/asesoria-curricular\/","title":{"rendered":"Asesor\u00eda Curricular"},"content":{"rendered":"\t\t<div data-elementor-type=\"wp-page\" data-elementor-id=\"253\" class=\"elementor elementor-253\" data-elementor-post-type=\"page\">\n\t\t\t\t\t\t<section class=\"elementor-section elementor-top-section elementor-element elementor-element-3ee2586e elementor-section-boxed elementor-section-height-default elementor-section-height-default\" data-id=\"3ee2586e\" data-element_type=\"section\" data-e-type=\"section\" data-settings=\"{&quot;background_background&quot;:&quot;slideshow&quot;,&quot;background_slideshow_gallery&quot;:[{&quot;id&quot;:169,&quot;url&quot;:&quot;https:\\\/\\\/growtalent.cl\\\/wp-content\\\/uploads\\\/2023\\\/03\\\/dc7eca5bb28a9adafe12b82821cf2961-scaled.jpg&quot;}],&quot;background_slideshow_loop&quot;:&quot;yes&quot;,&quot;background_slideshow_slide_duration&quot;:5000,&quot;background_slideshow_slide_transition&quot;:&quot;fade&quot;,&quot;background_slideshow_transition_duration&quot;:500}\">\n\t\t\t\t\t\t\t<div class=\"elementor-background-overlay\"><\/div>\n\t\t\t\t\t\t\t<div class=\"elementor-container elementor-column-gap-default\">\n\t\t\t\t\t<div class=\"elementor-column elementor-col-100 elementor-top-column elementor-element elementor-element-50f3ecc5\" data-id=\"50f3ecc5\" data-element_type=\"column\" data-e-type=\"column\">\n\t\t\t<div class=\"elementor-widget-wrap\">\n\t\t\t\t\t\t\t<\/div>\n\t\t<\/div>\n\t\t\t\t\t<\/div>\n\t\t<\/section>\n\t\t\t\t<section class=\"elementor-section elementor-top-section elementor-element elementor-element-57b54669 elementor-section-full_width elementor-section-height-default elementor-section-height-default\" data-id=\"57b54669\" data-element_type=\"section\" data-e-type=\"section\">\n\t\t\t\t\t\t<div class=\"elementor-container elementor-column-gap-default\">\n\t\t\t\t\t<div class=\"elementor-column elementor-col-100 elementor-top-column elementor-element elementor-element-5dc866c0\" data-id=\"5dc866c0\" data-element_type=\"column\" data-e-type=\"column\">\n\t\t\t<div class=\"elementor-widget-wrap elementor-element-populated\">\n\t\t\t\t\t\t<section class=\"elementor-section elementor-inner-section elementor-element elementor-element-564bc61 elementor-section-boxed elementor-section-height-default elementor-section-height-default\" data-id=\"564bc61\" data-element_type=\"section\" data-e-type=\"section\">\n\t\t\t\t\t\t<div class=\"elementor-container elementor-column-gap-default\">\n\t\t\t\t\t<div class=\"elementor-column elementor-col-100 elementor-inner-column elementor-element elementor-element-1e81b968\" data-id=\"1e81b968\" data-element_type=\"column\" data-e-type=\"column\">\n\t\t\t<div class=\"elementor-widget-wrap elementor-element-populated\">\n\t\t\t\t\t\t<div class=\"elementor-element elementor-element-6df81732 elementor-drop-cap-yes elementor-drop-cap-view-default elementor-widget elementor-widget-text-editor\" data-id=\"6df81732\" data-element_type=\"widget\" data-e-type=\"widget\" data-settings=\"{&quot;drop_cap&quot;:&quot;yes&quot;}\" data-widget_type=\"text-editor.default\">\n\t\t\t\t<div class=\"elementor-widget-container\">\n\t\t\t\t\t\t\t\t\t<p><\/p><p><\/p><p><\/p><h4 class=\"wp-block-heading\">Asesor\u00eda Curricular<\/h4><p><\/p><p>\u00bfListo para un new branding?<br \/>Esta asesor\u00eda busca dar respuesta a las personas que con estabilidad laboral desean actualizar y potenciar su marca personal, como asimismo a aquellos que est\u00e1n en proceso de transici\u00f3n laboral y buscan poder potenciar sus antecedentes, as\u00ed como su imagen y perfil en redes sociales, entre otros.<\/p><p>Un grupo de psic\u00f3logos expertos en el mercado laboral con una amplia experiencia en el \u00e1rea podr\u00e1n ayudarte a mejorar, modernizar y potenciar tu marca personal, buscando diferenciarte y consolidar tus objetivos.<\/p><p><\/p>\t\t\t\t\t\t\t\t<\/div>\n\t\t\t\t<\/div>\n\t\t\t\t\t<\/div>\n\t\t<\/div>\n\t\t\t\t\t<\/div>\n\t\t<\/section>\n\t\t\t\t\t<\/div>\n\t\t<\/div>\n\t\t\t\t\t<\/div>\n\t\t<\/section>\n\t\t\t\t<\/div>\n\t\t","protected":false},"excerpt":{"rendered":"<p>Asesor\u00eda Curricular \u00bfListo para un new branding?Esta asesor\u00eda busca dar respuesta a las personas que con estabilidad laboral desean actualizar y potenciar su marca personal, como asimismo a aquellos que est\u00e1n en proceso de transici\u00f3n laboral y buscan poder potenciar sus antecedentes, as\u00ed como su imagen y perfil en redes sociales, entre otros. Un grupo [&hellip;]<\/p>\n","protected":false},"author":1,"featured_media":0,"parent":0,"menu_order":0,"comment_status":"closed","ping_status":"closed","template":"","meta":{"footnotes":""},"class_list":["post-253","page","type-page","status-publish","hentry"],"_links":{"self":[{"href":"https:\/\/growtalent.cl\/index.php\/wp-json\/wp\/v2\/pages\/253","targetHints":{"allow":["GET"]}}],"collection":[{"href":"https:\/\/growtalent.cl\/index.php\/wp-json\/wp\/v2\/pages"}],"about":[{"href":"https:\/\/growtalent.cl\/index.php\/wp-json\/wp\/v2\/types\/page"}],"author":[{"embeddable":true,"href":"https:\/\/growtalent.cl\/index.php\/wp-json\/wp\/v2\/users\/1"}],"replies":[{"embeddable":true,"href":"https:\/\/growtalent.cl\/index.php\/wp-json\/wp\/v2\/comments?post=253"}],"version-history":[{"count":10,"href":"https:\/\/growtalent.cl\/index.php\/wp-json\/wp\/v2\/pages\/253\/revisions"}],"predecessor-version":[{"id":370,"href":"https:\/\/growtalent.cl\/index.php\/wp-json\/wp\/v2\/pages\/253\/revisions\/370"}],"wp:attachment":[{"href":"https:\/\/growtalent.cl\/index.php\/wp-json\/wp\/v2\/media?parent=253"}],"curies":[{"name":"wp","href":"https:\/\/api.w.org\/{rel}","templated":true}]}}